{"id":70,"date":"2016-03-19T18:37:33","date_gmt":"2016-03-19T18:37:33","guid":{"rendered":"http:\/\/xn--bergsnger-z2a.de\/?page_id=70"},"modified":"2025-12-17T14:27:13","modified_gmt":"2025-12-17T14:27:13","slug":"informationen-fuer-reiseunternehmen","status":"publish","type":"page","link":"http:\/\/xn--bergsnger-z2a.de\/?page_id=70","title":{"rendered":"Informationen f\u00fcr Reiseunternehmen"},"content":{"rendered":"\n<p>Liebe Reiseunternehmen, nachfolgende Informationen und Downloads stehen Ihnen zu Ihrer weiteren Verwendung zur Verf\u00fcgung. Sollten Sie dar\u00fcberhinaus digitales Werbe &#8211; und Informationsmaterial ben\u00f6tigen, schicken Sie uns eine <a href=\"mailto:info@so-klingts-bei-uns-im-arzgebirg.de\">Nachricht<\/a>, wir versuchen zeitnah Ihre W\u00fcnsche zu bearbeiten.<\/p>\n\n\n\n<p>Quellenangabe:  Alle Bilder und digitale Vorlagen dieser Seite sind von:<em> <\/em><\/p>\n\n\n\n<p><em>bergs\u00e4nger music gbr<\/em><\/p>\n\n\n\n<h4 class=\"wp-block-heading\">Downloads<\/h4>\n\n\n\n<h4 class=\"wp-block-heading has-text-align-center\"><a href=\"http:\/\/xn--bergsnger-z2a.de\/wp-content\/uploads\/2025\/12\/So-klingts-bei-uns-im-Arzgebirg_-Veranstaltungstext-2026-Reiseunternehmen.pdf-1.pdf\" target=\"_blank\" rel=\"noreferrer noopener\">Veranstaltungsinformationen 2026<\/a><\/h4>\n\n\n\n<div class=\"wp-block-group\"><div class=\"wp-block-group__inner-container is-layout-constrained wp-block-group-is-layout-constrained\">\n<div class=\"wp-block-columns is-layout-flex wp-container-core-columns-is-layout-1 wp-block-columns-is-layout-flex\">\n<div class=\"wp-block-column is-layout-flow wp-block-column-is-layout-flow\"><div class=\"wp-block-image\">\n<figure class=\"alignleft size-large\"><img loading=\"lazy\" decoding=\"async\" width=\"724\" height=\"1024\" src=\"http:\/\/xn--bergsnger-z2a.de\/wp-content\/uploads\/2025\/12\/So-klingts-bei-uns-im-Arzgebirg_-Veranstaltungstext-2026-Reiseunternehmen-1-724x1024.jpg\" alt=\"\" class=\"wp-image-498\" srcset=\"http:\/\/xn--bergsnger-z2a.de\/wp-content\/uploads\/2025\/12\/So-klingts-bei-uns-im-Arzgebirg_-Veranstaltungstext-2026-Reiseunternehmen-1-724x1024.jpg 724w, http:\/\/xn--bergsnger-z2a.de\/wp-content\/uploads\/2025\/12\/So-klingts-bei-uns-im-Arzgebirg_-Veranstaltungstext-2026-Reiseunternehmen-1-212x300.jpg 212w, http:\/\/xn--bergsnger-z2a.de\/wp-content\/uploads\/2025\/12\/So-klingts-bei-uns-im-Arzgebirg_-Veranstaltungstext-2026-Reiseunternehmen-1-768x1086.jpg 768w, http:\/\/xn--bergsnger-z2a.de\/wp-content\/uploads\/2025\/12\/So-klingts-bei-uns-im-Arzgebirg_-Veranstaltungstext-2026-Reiseunternehmen-1-1086x1536.jpg 1086w, http:\/\/xn--bergsnger-z2a.de\/wp-content\/uploads\/2025\/12\/So-klingts-bei-uns-im-Arzgebirg_-Veranstaltungstext-2026-Reiseunternehmen-1.jpg 1414w\" sizes=\"auto, (max-width: 724px) 100vw, 724px\" \/><\/figure><\/div><\/div>\n<\/div>\n<\/div><\/div>\n\n\n\n<p><\/p>\n\n\n\n<div class=\"wp-block-columns is-layout-flex wp-container-core-columns-is-layout-2 wp-block-columns-is-layout-flex\">\n<div class=\"wp-block-column is-layout-flow wp-block-column-is-layout-flow\" style=\"flex-basis:100%\">\n<div class=\"wp-block-file aligncenter\"><a id=\"wp-block-file--media-eae57617-18c1-47d7-9763-18e563dc44d9\" href=\"http:\/\/xn--bergsnger-z2a.de\/wp-content\/uploads\/2024\/01\/Plakat_Mitwirkende_Neutral.jpg\">Plakat_Mitwirkende_Neutral<\/a><a href=\"http:\/\/xn--bergsnger-z2a.de\/wp-content\/uploads\/2024\/01\/Plakat_Mitwirkende_Neutral.jpg\" class=\"wp-block-file__button wp-element-button\" download aria-describedby=\"wp-block-file--media-eae57617-18c1-47d7-9763-18e563dc44d9\">Herunterladen<\/a><\/div>\n<\/div>\n<\/div>\n\n\n\n<p><\/p>\n\n\n\n<div class=\"wp-block-file aligncenter\"><a id=\"wp-block-file--media-8fab66a5-d3a8-420c-a54e-5395fe2980a7\" href=\"http:\/\/xn--bergsnger-z2a.de\/wp-content\/uploads\/2024\/01\/Plakat_Mitwirkende_Weichnachtsbaum.jpg\">Plakat_Mitwirkende_Weihnachtsbaum<\/a><a href=\"http:\/\/xn--bergsnger-z2a.de\/wp-content\/uploads\/2024\/01\/Plakat_Mitwirkende_Weichnachtsbaum.jpg\" class=\"wp-block-file__button wp-element-button\" download aria-describedby=\"wp-block-file--media-8fab66a5-d3a8-420c-a54e-5395fe2980a7\">Herunterladen<\/a><\/div>\n\n\n\n<p><\/p>\n\n\n\n<div class=\"wp-block-file aligncenter\"><a id=\"wp-block-file--media-219d5245-02ea-4e8a-8c46-749ba5c2bbb8\" href=\"http:\/\/xn--bergsnger-z2a.de\/wp-content\/uploads\/2024\/01\/Plakat_Mitwirkende_ohne-Termineindruck.jpg\">Plakat_Mitwirkende_ohne_Termineindruck<\/a><a href=\"http:\/\/xn--bergsnger-z2a.de\/wp-content\/uploads\/2024\/01\/Plakat_Mitwirkende_ohne-Termineindruck.jpg\" class=\"wp-block-file__button wp-element-button\" download aria-describedby=\"wp-block-file--media-219d5245-02ea-4e8a-8c46-749ba5c2bbb8\">Herunterladen<\/a><\/div>\n\n\n\n<h4 class=\"wp-block-heading has-text-align-center\">Einzelbilder Mitwirkende (Auswahl)<\/h4>\n\n\n\n<p><\/p>\n\n\n\n<figure class=\"wp-block-image size-large\"><img loading=\"lazy\" decoding=\"async\" width=\"1024\" height=\"766\" src=\"http:\/\/xn--bergsnger-z2a.de\/wp-content\/uploads\/2024\/01\/Bergsaenger_Freisteller_3-1024x766.png\" alt=\"\" class=\"wp-image-420\" srcset=\"http:\/\/xn--bergsnger-z2a.de\/wp-content\/uploads\/2024\/01\/Bergsaenger_Freisteller_3-1024x766.png 1024w, http:\/\/xn--bergsnger-z2a.de\/wp-content\/uploads\/2024\/01\/Bergsaenger_Freisteller_3-300x224.png 300w, http:\/\/xn--bergsnger-z2a.de\/wp-content\/uploads\/2024\/01\/Bergsaenger_Freisteller_3-768x574.png 768w, http:\/\/xn--bergsnger-z2a.de\/wp-content\/uploads\/2024\/01\/Bergsaenger_Freisteller_3-1536x1149.png 1536w, http:\/\/xn--bergsnger-z2a.de\/wp-content\/uploads\/2024\/01\/Bergsaenger_Freisteller_3-2048x1531.png 2048w\" sizes=\"auto, (max-width: 1024px) 100vw, 1024px\" \/><figcaption class=\"wp-element-caption\">Bergs\u00e4nger Geyer<\/figcaption><\/figure>\n\n\n\n<figure class=\"wp-block-gallery has-nested-images columns-default is-cropped wp-block-gallery-1 is-layout-flex wp-block-gallery-is-layout-flex\">\n<figure class=\"wp-block-image size-large\"><img loading=\"lazy\" decoding=\"async\" width=\"775\" height=\"1024\" data-id=\"419\" src=\"http:\/\/xn--bergsnger-z2a.de\/wp-content\/uploads\/2024\/01\/Bergblaeser_24-775x1024.png\" alt=\"\" class=\"wp-image-419\" srcset=\"http:\/\/xn--bergsnger-z2a.de\/wp-content\/uploads\/2024\/01\/Bergblaeser_24-775x1024.png 775w, http:\/\/xn--bergsnger-z2a.de\/wp-content\/uploads\/2024\/01\/Bergblaeser_24-227x300.png 227w, http:\/\/xn--bergsnger-z2a.de\/wp-content\/uploads\/2024\/01\/Bergblaeser_24-768x1015.png 768w, http:\/\/xn--bergsnger-z2a.de\/wp-content\/uploads\/2024\/01\/Bergblaeser_24-1163x1536.png 1163w, http:\/\/xn--bergsnger-z2a.de\/wp-content\/uploads\/2024\/01\/Bergblaeser_24.png 1323w\" sizes=\"auto, (max-width: 775px) 100vw, 775px\" \/><figcaption class=\"wp-element-caption\">Bergbl\u00e4ser Geyer<\/figcaption><\/figure>\n\n\n\n<figure class=\"wp-block-image size-large\"><img loading=\"lazy\" decoding=\"async\" width=\"1024\" height=\"982\" data-id=\"418\" src=\"http:\/\/xn--bergsnger-z2a.de\/wp-content\/uploads\/2024\/01\/SuS_Freisteller_24-1024x982.png\" alt=\"\" class=\"wp-image-418\" srcset=\"http:\/\/xn--bergsnger-z2a.de\/wp-content\/uploads\/2024\/01\/SuS_Freisteller_24-1024x982.png 1024w, http:\/\/xn--bergsnger-z2a.de\/wp-content\/uploads\/2024\/01\/SuS_Freisteller_24-300x288.png 300w, http:\/\/xn--bergsnger-z2a.de\/wp-content\/uploads\/2024\/01\/SuS_Freisteller_24-768x736.png 768w, http:\/\/xn--bergsnger-z2a.de\/wp-content\/uploads\/2024\/01\/SuS_Freisteller_24.png 1095w\" sizes=\"auto, (max-width: 1024px) 100vw, 1024px\" \/><figcaption class=\"wp-element-caption\">Sandra und Susan<\/figcaption><\/figure>\n\n\n\n<figure class=\"wp-block-image size-large\"><img loading=\"lazy\" decoding=\"async\" width=\"1024\" height=\"687\" data-id=\"421\" src=\"http:\/\/xn--bergsnger-z2a.de\/wp-content\/uploads\/2024\/01\/SWP-1024x687.png\" alt=\"\" class=\"wp-image-421\" srcset=\"http:\/\/xn--bergsnger-z2a.de\/wp-content\/uploads\/2024\/01\/SWP-1024x687.png 1024w, http:\/\/xn--bergsnger-z2a.de\/wp-content\/uploads\/2024\/01\/SWP-300x201.png 300w, http:\/\/xn--bergsnger-z2a.de\/wp-content\/uploads\/2024\/01\/SWP-768x515.png 768w, http:\/\/xn--bergsnger-z2a.de\/wp-content\/uploads\/2024\/01\/SWP-1536x1031.png 1536w, http:\/\/xn--bergsnger-z2a.de\/wp-content\/uploads\/2024\/01\/SWP.png 1629w\" sizes=\"auto, (max-width: 1024px) 100vw, 1024px\" \/><figcaption class=\"wp-element-caption\">Schwarzwasserperlen und Florian St\u00f6lzel<\/figcaption><\/figure>\n<\/figure>\n\n\n\n<figure class=\"wp-block-gallery has-nested-images columns-default is-cropped wp-block-gallery-2 is-layout-flex wp-block-gallery-is-layout-flex\">\n<figure class=\"wp-block-image size-large\"><img loading=\"lazy\" decoding=\"async\" width=\"1024\" height=\"768\" data-id=\"470\" src=\"http:\/\/xn--bergsnger-z2a.de\/wp-content\/uploads\/2025\/12\/leni2-1024x768.jpg\" alt=\"\" class=\"wp-image-470\" srcset=\"http:\/\/xn--bergsnger-z2a.de\/wp-content\/uploads\/2025\/12\/leni2-1024x768.jpg 1024w, http:\/\/xn--bergsnger-z2a.de\/wp-content\/uploads\/2025\/12\/leni2-300x225.jpg 300w, http:\/\/xn--bergsnger-z2a.de\/wp-content\/uploads\/2025\/12\/leni2-768x576.jpg 768w, http:\/\/xn--bergsnger-z2a.de\/wp-content\/uploads\/2025\/12\/leni2-1536x1152.jpg 1536w, http:\/\/xn--bergsnger-z2a.de\/wp-content\/uploads\/2025\/12\/leni2-2048x1536.jpg 2048w\" sizes=\"auto, (max-width: 1024px) 100vw, 1024px\" \/><figcaption class=\"wp-element-caption\">Leni<\/figcaption><\/figure>\n\n\n\n<figure class=\"wp-block-image size-large\"><img loading=\"lazy\" decoding=\"async\" width=\"576\" height=\"1024\" data-id=\"471\" src=\"http:\/\/xn--bergsnger-z2a.de\/wp-content\/uploads\/2025\/12\/opa-und-Adele-576x1024.jpg\" alt=\"\" class=\"wp-image-471\" srcset=\"http:\/\/xn--bergsnger-z2a.de\/wp-content\/uploads\/2025\/12\/opa-und-Adele-576x1024.jpg 576w, http:\/\/xn--bergsnger-z2a.de\/wp-content\/uploads\/2025\/12\/opa-und-Adele-169x300.jpg 169w, http:\/\/xn--bergsnger-z2a.de\/wp-content\/uploads\/2025\/12\/opa-und-Adele-768x1365.jpg 768w, http:\/\/xn--bergsnger-z2a.de\/wp-content\/uploads\/2025\/12\/opa-und-Adele-864x1536.jpg 864w, http:\/\/xn--bergsnger-z2a.de\/wp-content\/uploads\/2025\/12\/opa-und-Adele.jpg 900w\" sizes=\"auto, (max-width: 576px) 100vw, 576px\" \/><figcaption class=\"wp-element-caption\">Adele<\/figcaption><\/figure>\n<\/figure>\n\n\n\n<!--more-->\n\n\n\n<h4 class=\"wp-block-heading\">Reservierung<\/h4>\n\n\n\n<p>Reservierungsanfragen f\u00fcr Sonderkonditionen (Reservierungsformular) bitte Nachricht an <a href=\"mailto:info@so-klingts-bei-uns-im-arzgebirg.de\">info@so-klingts-bei-uns-im-arzgebirg.de <\/a><\/p>\n","protected":false},"excerpt":{"rendered":"<p>Liebe Reiseunternehmen, nachfolgende Informationen und Downloads stehen Ihnen zu Ihrer weiteren Verwendung zur Verf\u00fcgung. Sollten Sie dar\u00fcberhinaus digitales Werbe &#8211; und Informationsmaterial ben\u00f6tigen, schicken Sie uns eine Nachricht, wir versuchen zeitnah Ihre W\u00fcnsche zu bearbeiten. Quellenangabe: Alle Bilder und digitale Vorlagen dieser Seite sind von: bergs\u00e4nger music gbr Downloads Veranstaltungsinformationen 2026 Einzelbilder Mitwirkende (Auswahl)<\/p>\n","protected":false},"author":1,"featured_media":0,"parent":0,"menu_order":0,"comment_status":"closed","ping_status":"closed","template":"","meta":{"footnotes":""},"class_list":["post-70","page","type-page","status-publish","hentry"],"yoast_head":"<!-- This site is optimized with the Yoast SEO plugin v26.6 - https:\/\/yoast.com\/wordpress\/plugins\/seo\/ -->\n<title>Informationen f\u00fcr Reiseunternehmen - So klingts bei uns im Arzgebirg %<\/title>\n<meta name=\"description\" content=\"Aus dem MDR Fernsehen bekannte K\u00fcnstler gestalten eine gro\u00dfe Gala der erzgebirgischen Weihnachtsmusik.\" \/>\n<meta name=\"robots\" content=\"index, follow, max-snippet:-1, max-image-preview:large, max-video-preview:-1\" \/>\n<link rel=\"canonical\" href=\"http:\/\/xn--bergsnger-z2a.de\/?page_id=70\" \/>\n<meta property=\"og:locale\" content=\"de_DE\" \/>\n<meta property=\"og:type\" content=\"article\" \/>\n<meta property=\"og:title\" content=\"Informationen f\u00fcr Reiseunternehmen - So klingts bei uns im Arzgebirg %\" \/>\n<meta property=\"og:description\" content=\"Aus dem MDR Fernsehen bekannte K\u00fcnstler gestalten eine gro\u00dfe Gala der erzgebirgischen Weihnachtsmusik.\" \/>\n<meta property=\"og:url\" content=\"http:\/\/xn--bergsnger-z2a.de\/?page_id=70\" \/>\n<meta property=\"og:site_name\" content=\"So klingts bei uns im Arzgebirg\" \/>\n<meta property=\"article:publisher\" content=\"https:\/\/www.facebook.com\/bergsaenger\/\" \/>\n<meta property=\"article:modified_time\" content=\"2025-12-17T14:27:13+00:00\" \/>\n<meta property=\"og:image\" content=\"http:\/\/xn--bergsnger-z2a.de\/wp-content\/uploads\/2025\/12\/So-klingts-bei-uns-im-Arzgebirg_-Veranstaltungstext-2026-Reiseunternehmen-1.jpg\" \/>\n\t<meta property=\"og:image:width\" content=\"1414\" \/>\n\t<meta property=\"og:image:height\" content=\"2000\" \/>\n\t<meta property=\"og:image:type\" content=\"image\/jpeg\" \/>\n<meta name=\"twitter:card\" content=\"summary_large_image\" \/>\n<meta name=\"twitter:label1\" content=\"Gesch\u00e4tzte Lesezeit\" \/>\n\t<meta name=\"twitter:data1\" content=\"2\u00a0Minuten\" \/>\n<script type=\"application\/ld+json\" class=\"yoast-schema-graph\">{\"@context\":\"https:\/\/schema.org\",\"@graph\":[{\"@type\":\"WebPage\",\"@id\":\"http:\/\/xn--bergsnger-z2a.de\/?page_id=70\",\"url\":\"http:\/\/xn--bergsnger-z2a.de\/?page_id=70\",\"name\":\"Informationen f\u00fcr Reiseunternehmen - So klingts bei uns im Arzgebirg %\",\"isPartOf\":{\"@id\":\"http:\/\/xn--bergsnger-z2a.de\/#website\"},\"primaryImageOfPage\":{\"@id\":\"http:\/\/xn--bergsnger-z2a.de\/?page_id=70#primaryimage\"},\"image\":{\"@id\":\"http:\/\/xn--bergsnger-z2a.de\/?page_id=70#primaryimage\"},\"thumbnailUrl\":\"http:\/\/xn--bergsnger-z2a.de\/wp-content\/uploads\/2025\/12\/So-klingts-bei-uns-im-Arzgebirg_-Veranstaltungstext-2026-Reiseunternehmen-1-724x1024.jpg\",\"datePublished\":\"2016-03-19T18:37:33+00:00\",\"dateModified\":\"2025-12-17T14:27:13+00:00\",\"description\":\"Aus dem MDR Fernsehen bekannte K\u00fcnstler gestalten eine gro\u00dfe Gala der erzgebirgischen Weihnachtsmusik.\",\"breadcrumb\":{\"@id\":\"http:\/\/xn--bergsnger-z2a.de\/?page_id=70#breadcrumb\"},\"inLanguage\":\"de\",\"potentialAction\":[{\"@type\":\"ReadAction\",\"target\":[\"http:\/\/xn--bergsnger-z2a.de\/?page_id=70\"]}]},{\"@type\":\"ImageObject\",\"inLanguage\":\"de\",\"@id\":\"http:\/\/xn--bergsnger-z2a.de\/?page_id=70#primaryimage\",\"url\":\"http:\/\/xn--bergsnger-z2a.de\/wp-content\/uploads\/2025\/12\/So-klingts-bei-uns-im-Arzgebirg_-Veranstaltungstext-2026-Reiseunternehmen-1.jpg\",\"contentUrl\":\"http:\/\/xn--bergsnger-z2a.de\/wp-content\/uploads\/2025\/12\/So-klingts-bei-uns-im-Arzgebirg_-Veranstaltungstext-2026-Reiseunternehmen-1.jpg\",\"width\":1414,\"height\":2000},{\"@type\":\"BreadcrumbList\",\"@id\":\"http:\/\/xn--bergsnger-z2a.de\/?page_id=70#breadcrumb\",\"itemListElement\":[{\"@type\":\"ListItem\",\"position\":1,\"name\":\"Startseite\",\"item\":\"http:\/\/xn--bergsnger-z2a.de\/\"},{\"@type\":\"ListItem\",\"position\":2,\"name\":\"Informationen f\u00fcr Reiseunternehmen\"}]},{\"@type\":\"WebSite\",\"@id\":\"http:\/\/xn--bergsnger-z2a.de\/#website\",\"url\":\"http:\/\/xn--bergsnger-z2a.de\/\",\"name\":\"So klingts bei uns im Arzgebirg\",\"description\":\"Die sch\u00f6nsten Melodien aus dem Weihnachtsland\",\"publisher\":{\"@id\":\"http:\/\/xn--bergsnger-z2a.de\/#organization\"},\"potentialAction\":[{\"@type\":\"SearchAction\",\"target\":{\"@type\":\"EntryPoint\",\"urlTemplate\":\"http:\/\/xn--bergsnger-z2a.de\/?s={search_term_string}\"},\"query-input\":{\"@type\":\"PropertyValueSpecification\",\"valueRequired\":true,\"valueName\":\"search_term_string\"}}],\"inLanguage\":\"de\"},{\"@type\":\"Organization\",\"@id\":\"http:\/\/xn--bergsnger-z2a.de\/#organization\",\"name\":\"Bergs\u00e4nger music\",\"url\":\"http:\/\/xn--bergsnger-z2a.de\/\",\"logo\":{\"@type\":\"ImageObject\",\"inLanguage\":\"de\",\"@id\":\"http:\/\/xn--bergsnger-z2a.de\/#\/schema\/logo\/image\/\",\"url\":\"http:\/\/xn--bergsnger-z2a.de\/wp-content\/uploads\/2016\/03\/Veranstaltungslogo_Soklingtsbeiuns-e1458415643243.jpg\",\"contentUrl\":\"http:\/\/xn--bergsnger-z2a.de\/wp-content\/uploads\/2016\/03\/Veranstaltungslogo_Soklingtsbeiuns-e1458415643243.jpg\",\"width\":150,\"height\":74,\"caption\":\"Bergs\u00e4nger music\"},\"image\":{\"@id\":\"http:\/\/xn--bergsnger-z2a.de\/#\/schema\/logo\/image\/\"},\"sameAs\":[\"https:\/\/www.facebook.com\/bergsaenger\/\",\"https:\/\/youtu.be\/0DsqI5uMiJs\"]}]}<\/script>\n<!-- \/ Yoast SEO plugin. -->","yoast_head_json":{"title":"Informationen f\u00fcr Reiseunternehmen - So klingts bei uns im Arzgebirg %","description":"Aus dem MDR Fernsehen bekannte K\u00fcnstler gestalten eine gro\u00dfe Gala der erzgebirgischen Weihnachtsmusik.","robots":{"index":"index","follow":"follow","max-snippet":"max-snippet:-1","max-image-preview":"max-image-preview:large","max-video-preview":"max-video-preview:-1"},"canonical":"http:\/\/xn--bergsnger-z2a.de\/?page_id=70","og_locale":"de_DE","og_type":"article","og_title":"Informationen f\u00fcr Reiseunternehmen - So klingts bei uns im Arzgebirg %","og_description":"Aus dem MDR Fernsehen bekannte K\u00fcnstler gestalten eine gro\u00dfe Gala der erzgebirgischen Weihnachtsmusik.","og_url":"http:\/\/xn--bergsnger-z2a.de\/?page_id=70","og_site_name":"So klingts bei uns im Arzgebirg","article_publisher":"https:\/\/www.facebook.com\/bergsaenger\/","article_modified_time":"2025-12-17T14:27:13+00:00","og_image":[{"width":1414,"height":2000,"url":"http:\/\/xn--bergsnger-z2a.de\/wp-content\/uploads\/2025\/12\/So-klingts-bei-uns-im-Arzgebirg_-Veranstaltungstext-2026-Reiseunternehmen-1.jpg","type":"image\/jpeg"}],"twitter_card":"summary_large_image","twitter_misc":{"Gesch\u00e4tzte Lesezeit":"2\u00a0Minuten"},"schema":{"@context":"https:\/\/schema.org","@graph":[{"@type":"WebPage","@id":"http:\/\/xn--bergsnger-z2a.de\/?page_id=70","url":"http:\/\/xn--bergsnger-z2a.de\/?page_id=70","name":"Informationen f\u00fcr Reiseunternehmen - So klingts bei uns im Arzgebirg %","isPartOf":{"@id":"http:\/\/xn--bergsnger-z2a.de\/#website"},"primaryImageOfPage":{"@id":"http:\/\/xn--bergsnger-z2a.de\/?page_id=70#primaryimage"},"image":{"@id":"http:\/\/xn--bergsnger-z2a.de\/?page_id=70#primaryimage"},"thumbnailUrl":"http:\/\/xn--bergsnger-z2a.de\/wp-content\/uploads\/2025\/12\/So-klingts-bei-uns-im-Arzgebirg_-Veranstaltungstext-2026-Reiseunternehmen-1-724x1024.jpg","datePublished":"2016-03-19T18:37:33+00:00","dateModified":"2025-12-17T14:27:13+00:00","description":"Aus dem MDR Fernsehen bekannte K\u00fcnstler gestalten eine gro\u00dfe Gala der erzgebirgischen Weihnachtsmusik.","breadcrumb":{"@id":"http:\/\/xn--bergsnger-z2a.de\/?page_id=70#breadcrumb"},"inLanguage":"de","potentialAction":[{"@type":"ReadAction","target":["http:\/\/xn--bergsnger-z2a.de\/?page_id=70"]}]},{"@type":"ImageObject","inLanguage":"de","@id":"http:\/\/xn--bergsnger-z2a.de\/?page_id=70#primaryimage","url":"http:\/\/xn--bergsnger-z2a.de\/wp-content\/uploads\/2025\/12\/So-klingts-bei-uns-im-Arzgebirg_-Veranstaltungstext-2026-Reiseunternehmen-1.jpg","contentUrl":"http:\/\/xn--bergsnger-z2a.de\/wp-content\/uploads\/2025\/12\/So-klingts-bei-uns-im-Arzgebirg_-Veranstaltungstext-2026-Reiseunternehmen-1.jpg","width":1414,"height":2000},{"@type":"BreadcrumbList","@id":"http:\/\/xn--bergsnger-z2a.de\/?page_id=70#breadcrumb","itemListElement":[{"@type":"ListItem","position":1,"name":"Startseite","item":"http:\/\/xn--bergsnger-z2a.de\/"},{"@type":"ListItem","position":2,"name":"Informationen f\u00fcr Reiseunternehmen"}]},{"@type":"WebSite","@id":"http:\/\/xn--bergsnger-z2a.de\/#website","url":"http:\/\/xn--bergsnger-z2a.de\/","name":"So klingts bei uns im Arzgebirg","description":"Die sch\u00f6nsten Melodien aus dem Weihnachtsland","publisher":{"@id":"http:\/\/xn--bergsnger-z2a.de\/#organization"},"potentialAction":[{"@type":"SearchAction","target":{"@type":"EntryPoint","urlTemplate":"http:\/\/xn--bergsnger-z2a.de\/?s={search_term_string}"},"query-input":{"@type":"PropertyValueSpecification","valueRequired":true,"valueName":"search_term_string"}}],"inLanguage":"de"},{"@type":"Organization","@id":"http:\/\/xn--bergsnger-z2a.de\/#organization","name":"Bergs\u00e4nger music","url":"http:\/\/xn--bergsnger-z2a.de\/","logo":{"@type":"ImageObject","inLanguage":"de","@id":"http:\/\/xn--bergsnger-z2a.de\/#\/schema\/logo\/image\/","url":"http:\/\/xn--bergsnger-z2a.de\/wp-content\/uploads\/2016\/03\/Veranstaltungslogo_Soklingtsbeiuns-e1458415643243.jpg","contentUrl":"http:\/\/xn--bergsnger-z2a.de\/wp-content\/uploads\/2016\/03\/Veranstaltungslogo_Soklingtsbeiuns-e1458415643243.jpg","width":150,"height":74,"caption":"Bergs\u00e4nger music"},"image":{"@id":"http:\/\/xn--bergsnger-z2a.de\/#\/schema\/logo\/image\/"},"sameAs":["https:\/\/www.facebook.com\/bergsaenger\/","https:\/\/youtu.be\/0DsqI5uMiJs"]}]}},"_links":{"self":[{"href":"http:\/\/xn--bergsnger-z2a.de\/index.php?rest_route=\/wp\/v2\/pages\/70","targetHints":{"allow":["GET"]}}],"collection":[{"href":"http:\/\/xn--bergsnger-z2a.de\/index.php?rest_route=\/wp\/v2\/pages"}],"about":[{"href":"http:\/\/xn--bergsnger-z2a.de\/index.php?rest_route=\/wp\/v2\/types\/page"}],"author":[{"embeddable":true,"href":"http:\/\/xn--bergsnger-z2a.de\/index.php?rest_route=\/wp\/v2\/users\/1"}],"replies":[{"embeddable":true,"href":"http:\/\/xn--bergsnger-z2a.de\/index.php?rest_route=%2Fwp%2Fv2%2Fcomments&post=70"}],"version-history":[{"count":57,"href":"http:\/\/xn--bergsnger-z2a.de\/index.php?rest_route=\/wp\/v2\/pages\/70\/revisions"}],"predecessor-version":[{"id":499,"href":"http:\/\/xn--bergsnger-z2a.de\/index.php?rest_route=\/wp\/v2\/pages\/70\/revisions\/499"}],"wp:attachment":[{"href":"http:\/\/xn--bergsnger-z2a.de\/index.php?rest_route=%2Fwp%2Fv2%2Fmedia&parent=70"}],"curies":[{"name":"wp","href":"https:\/\/api.w.org\/{rel}","templated":true}]}}